{"id":11683,"date":"2026-06-03T07:06:18","date_gmt":"2026-06-03T05:06:18","guid":{"rendered":"https:\/\/fontyblog.fr\/fr\/events\/balade-a-la-decouverte-du-yoga-en-foret-de-fontainebleau\/"},"modified":"2026-08-01T10:27:33","modified_gmt":"2026-08-01T08:27:33","slug":"wanderung-zur-entdeckung-von-yoga-im-wald-von-fontainebleau","status":"publish","type":"events","link":"https:\/\/fontyblog.fr\/de\/events\/balade-a-la-decouverte-du-yoga-en-foret-de-fontainebleau\/","title":{"rendered":"Spaziergang zur Entdeckung des Yoga im Wald von Fontainebleau"},"featured_media":11682,"template":"","meta":{"_seopress_titles_title":"Yoga en for\u00eat de Fontainebleau : balade bien-\u00eatre | Fontyblog","_seopress_titles_desc":"Balade yoga en for\u00eat de Fontainebleau : marche douce et postures au c\u0153ur des arbres, le dimanche 28 juin \u00e0 9h30, d\u00e8s 12 ans (18 \u20ac). R\u00e9servation Office de Tourisme.","_seopress_robots_index":"","_seopress_robots_follow":"","_seopress_robots_imageindex":"","_seopress_robots_snippet":"","_seopress_robots_primary_cat":"","_seopress_robots_breadcrumbs":"","_seopress_robots_freeze_modified_date":"","_seopress_robots_custom_modified_date":"","_seopress_robots_canonical":"","_seopress_social_fb_title":"","_seopress_social_fb_desc":"","_seopress_social_fb_img":"","_seopress_social_fb_img_attachment_id":0,"_seopress_social_fb_img_width":0,"_seopress_social_fb_img_height":0,"_seopress_social_twitter_title":"","_seopress_social_twitter_desc":"","_seopress_social_twitter_img":"","_seopress_social_twitter_img_attachment_id":0,"_seopress_social_twitter_img_width":0,"_seopress_social_twitter_img_height":0,"_seopress_redirections_value":"","_seopress_redirections_enabled":"","_seopress_redirections_enabled_regex":"","_seopress_redirections_logged_status":"","_seopress_redirections_param":"","_seopress_redirections_type":0,"_seopress_analysis_target_kw":"","_seopress_news_disabled":"","_seopress_video_disabled":"","_seopress_video":[],"_seopress_pro_schemas_manual":[],"_seopress_pro_rich_snippets_disable_all":"","_seopress_pro_rich_snippets_disable":[],"_seopress_pro_schemas":[],"_jet_sm_ready_style":"","_jet_sm_style":"","_jet_sm_controls_values":"","_jet_sm_fonts_collection":"","_jet_sm_fonts_links":""},"event_category":[111,20],"class_list":["post-11683","events","type-events","status-publish","has-post-thumbnail","hentry","event_category-insolite","event_category-sport"],"jet_meta":{"e_type":"activity","start_date":"1782604800","start_time":"","end_date":"1782604800","end_time":"","_description":"<!-- FYBLOG-FERMETURE-FORET-2026 -->\n<div style=\"border:2px solid #b3261e;background:#fdf4f2;padding:16px 18px;margin:0 0 26px;\">\n<p style=\"margin:0 0 10px;font-size:1.05em;font-weight:700;color:#8c1d16;\">For\u00eat de Fontainebleau ferm\u00e9e au public jusqu'au 7 ao\u00fbt 2026 inclus<\/p>\n<p style=\"margin:0 0 10px;color:#33302f;\">Apr\u00e8s les incendies de juillet, des arr\u00eat\u00e9s pr\u00e9fectoraux du 29 juillet 2026 interdisent l'acc\u00e8s \u00e0 la for\u00eat domaniale de Fontainebleau, quelle que soit la zone, ainsi qu'aux for\u00eats domaniales de la Commanderie et de Nanteau-Poligny, \u00e0 la for\u00eat communale de Nemours et au secteur ferm\u00e9 des Trois-Pignons. Les racines br\u00fbl\u00e9es fragilisent les arbres, qui peuvent tomber longtemps apr\u00e8s le passage du feu, et l'ONF poursuit ses reconnaissances et ses travaux de s\u00e9curisation. L'interdiction est susceptible d'\u00eatre prolong\u00e9e : nous tenons \u00e0 jour un <a href=\"https:\/\/fontyblog.fr\/fr\/le-kiosque\/acces-a-la-foret\/\">fil d'actualit\u00e9s sur les incendies en for\u00eat de Fontainebleau<\/a>.<\/p>\n<\/div>\n<!-- \/FYBLOG-FERMETURE-FORET-2026 -->\n<p>Et si la for\u00eat devenait votre salle de yoga ? L'<strong>Office de Tourisme<\/strong> propose une <strong>balade \u00e0 la d\u00e9couverte du yoga en for\u00eat de Fontainebleau<\/strong>, une matin\u00e9e pour ralentir et se reconnecter, le <strong>dimanche 28 juin 2026 \u00e0 9h30<\/strong>.<\/p>\n\n<h3>Marcher, respirer, s'\u00e9tirer sous les arbres<\/h3>\n<p>L'id\u00e9e est simple et delicieuse : alterner les temps de <strong>marche douce<\/strong> et les <strong>postures de yoga<\/strong>, au milieu des grands arbres et des chaos de gr\u00e8s. Loin de l'agitation et des \u00e9crans, le cadre fait une bonne partie du travail. Le calme de la for\u00eat au petit matin, la lumi\u00e8re qui filtre entre les feuilles, les odeurs de sous-bois : tout invite \u00e0 respirer plus lentement et \u00e0 rel\u00e2cher les tensions.<\/p>\n\n<h3>Une pratique accessible et en pleine nature<\/h3>\n<p>Encadr\u00e9e par un professionnel, la s\u00e9ance est ouverte \u00e0 tous les niveaux, d\u00e9butants compris, d\u00e8s 12 ans. On profite de la dimension ressour\u00e7ante de la sylvoth\u00e9rapie sans le moindre jargon : juste du mouvement, du souffle et la for\u00eat autour. Une excellente fa\u00e7on de commencer un dimanche d'\u00e9t\u00e9 du bon pied.<\/p>\n\n<h3>Infos pratiques<\/h3>\n<p><strong>Dimanche 28 juin \u00e0 9h30<\/strong>. Tarif : <strong>18 \u20ac, \u00e0 partir de 12 ans<\/strong>. Pr\u00e9voir une tenue confortable et un tapis si vous en avez un. R\u00e9servation obligatoire aupr\u00e8s de l'Office de Tourisme, point de rendez-vous communiqu\u00e9 \u00e0 l'inscription.<\/p>\n<p>\ud83d\udc49 <a href=\"https:\/\/www.fontainebleau-tourisme.com\/fr\/reserver-en-ligne\/reserver-votre-activite-en-ligne\/\" rel=\"noopener\">R\u00e9server la balade yoga en for\u00eat<\/a><\/p>\n","event_loc":"For\u00eat de Fontainebleau (point de rendez-vous communiqu\u00e9 \u00e0 la r\u00e9servation)","event_type":"physical","is_free":"","price":"18","currency":"EUR","ticket_url":"https:\/\/www.fontainebleau-tourisme.com\/fr\/reserver-en-ligne\/reserver-votre-activite-en-ligne\/","excerpt_custom":"Marcher, respirer, s'\u00e9tirer au milieu des arbres : une matin\u00e9e pour conjuguer balade et yoga en pleine for\u00eat. Le dimanche 28 juin \u00e0 9h30, d\u00e8s 12 ans.","event_organizer":"Office de Tourisme du Pays de Fontainebleau","event_organizer_email":"info@fontainebleau-tourisme.com","event_organizer_phone":"01 60 74 99 99","event_organizer_website":"https:\/\/www.fontainebleau-tourisme.com\/fr\/reserver-en-ligne\/reserver-votre-activite-en-ligne\/","is_past_activity":"false","logo_organisateur":"","admin_text":""},"_links":{"self":[{"href":"https:\/\/fontyblog.fr\/de\/wp-json\/wp\/v2\/events\/11683","targetHints":{"allow":["GET"]}}],"collection":[{"href":"https:\/\/fontyblog.fr\/de\/wp-json\/wp\/v2\/events"}],"about":[{"href":"https:\/\/fontyblog.fr\/de\/wp-json\/wp\/v2\/types\/events"}],"wp:featuredmedia":[{"embeddable":true,"href":"https:\/\/fontyblog.fr\/de\/wp-json\/wp\/v2\/media\/11682"}],"wp:attachment":[{"href":"https:\/\/fontyblog.fr\/de\/wp-json\/wp\/v2\/media?parent=11683"}],"wp:term":[{"taxonomy":"event_category","embeddable":true,"href":"https:\/\/fontyblog.fr\/de\/wp-json\/wp\/v2\/event_category?post=11683"}],"curies":[{"name":"wp","href":"https:\/\/api.w.org\/{rel}","templated":true}]}}